{"id":2705,"date":"2024-02-03T13:48:06","date_gmt":"2024-02-03T12:48:06","guid":{"rendered":"http:\/\/www.dedaleseditions.com\/site\/?page_id=2705"},"modified":"2025-03-16T20:51:57","modified_gmt":"2025-03-16T19:51:57","slug":"les-malbetes-du-terroir-francais","status":"publish","type":"page","link":"https:\/\/www.dedaleseditions.com\/site\/les-malbetes-du-terroir-francais\/","title":{"rendered":"En savoir plus sur la b\u00eate"},"content":{"rendered":"\n<blockquote class=\"wp-block-quote is-layout-flow wp-block-quote-is-layout-flow\">\n<div class=\"wp-block-columns is-layout-flex wp-container-core-columns-is-layout-28f84493 wp-block-columns-is-layout-flex\">\n<div class=\"wp-block-column has-global-padding is-layout-constrained wp-block-column-is-layout-constrained\" style=\"flex-basis:25%\">\n<figure class=\"wp-block-image aligncenter size-full is-resized\"><a href=\"http:\/\/www.dedaleseditions.com\/site\/wp-content\/uploads\/2024\/02\/LeGrimoire.png\"><img loading=\"lazy\" decoding=\"async\" width=\"705\" height=\"950\" src=\"https:\/\/www.dedaleseditions.com\/site\/wp-content\/uploads\/2024\/02\/LeGrimoire.png\" alt=\"\" class=\"wp-image-2715\" style=\"aspect-ratio:0.75;object-fit:cover;width:133px;height:auto\" srcset=\"https:\/\/www.dedaleseditions.com\/site\/wp-content\/uploads\/2024\/02\/LeGrimoire.png 705w, https:\/\/www.dedaleseditions.com\/site\/wp-content\/uploads\/2024\/02\/LeGrimoire-600x809.png 600w, https:\/\/www.dedaleseditions.com\/site\/wp-content\/uploads\/2024\/02\/LeGrimoire-223x300.png 223w\" sizes=\"auto, (max-width: 705px) 100vw, 705px\" \/><\/a><\/figure>\n<\/div>\n\n\n\n<div class=\"wp-block-column is-layout-flow wp-block-column-is-layout-flow\" style=\"padding-right:var(--wp--preset--spacing--30);padding-left:0;flex-basis:75%\">\n<p>\u00ab\u00a0Cet objet rassemble des extraits du livre des MALB\u00caTES, trait\u00e9 d&rsquo;invocation des cr\u00e9atures du Folklore Fran\u00e7ais, vraisemblablement \u00e9crit entre les XIIe et XIIIe si\u00e8cles par un auteur anonyme\u00a0\u00bb.<\/p>\n<\/div>\n<\/div>\n<\/blockquote>\n\n\n\n<hr class=\"wp-block-separator has-text-color has-alpha-channel-opacity has-background is-style-wide\" style=\"background-color:#fcb900;color:#fcb900\"\/>\n\n\n\n<div class=\"wp-block-group has-global-padding is-layout-constrained wp-block-group-is-layout-constrained\">\n<figure class=\"wp-block-embed is-type-video is-provider-youtube wp-block-embed-youtube wp-embed-aspect-16-9 wp-has-aspect-ratio\"><div class=\"wp-block-embed__wrapper\">\n<iframe loading=\"lazy\" title=\"MALB\u00caTES - Publicit\u00e9 (2023)\" width=\"500\" height=\"281\" src=\"https:\/\/www.youtube.com\/embed\/xlMErRWdmfs?feature=oembed\" frameborder=\"0\" allow=\"accelerometer; autoplay; clipboard-write; encrypted-media; gyroscope; picture-in-picture; web-share\" referrerpolicy=\"strict-origin-when-cross-origin\" allowfullscreen><\/iframe>\n<\/div><\/figure>\n\n\n\n<h2 class=\"wp-block-heading has-medium-font-size\"><strong><mark style=\"background-color:rgba(0, 0, 0, 0)\" class=\"has-inline-color has-medium-gray-color\">Tout territoire a ses propres monstres.<\/mark><\/strong><\/h2>\n\n\n\n<p class=\"has-drop-cap\"><strong>Le Japon a ses Yoka\u00efs, les \u00c9tats-Unis ont leur Bigfoot, l\u2019\u00c9cosse son monstre du Loch Ness, et tous ont eu leurs heures de gloire dans la culture populaire, que ce soit en litt\u00e9rature, au cin\u00e9ma ou en bande-dessin\u00e9e. Le temps passe et ils continuent d\u2019\u00eatre pr\u00e9sents dans l\u2019imaginaire collectif.<\/strong><\/p>\n\n\n\n<p>Chez D\u00e9dales \u00e9ditions, nous aimons les monstres, ce qu\u2019ils repr\u00e9sentent, les histoires qu\u2019ils g\u00e9n\u00e8rent, et nous avons d\u00e9cid\u00e9 de nous int\u00e9resser aux contes et l\u00e9gendes de notre territoire.<br>En effet, quelle ne fut pas notre surprise lorsque nous d\u00e9couvr\u00eemes une galerie pl\u00e9thorique de cr\u00e9atures m\u00e9connues dans le travail de certains folkloristes comme <a href=\"https:\/\/fr.wikipedia.org\/wiki\/Jean-Fran%C3%A7ois_Blad%C3%A9\" data-type=\"link\" data-id=\"https:\/\/fr.wikipedia.org\/wiki\/Jean-Fran%C3%A7ois_Blad%C3%A9\">Jean-Fran\u00e7ois Blad\u00e9<\/a> ou <a href=\"https:\/\/fr.wikipedia.org\/wiki\/Claude_Seignolle\" data-type=\"link\" data-id=\"https:\/\/fr.wikipedia.org\/wiki\/Claude_Seignolle\" target=\"_blank\" rel=\"noreferrer noopener\">Claude Seigniolle<\/a>. Il y avait l\u00e0, dans les \u00e9crits rassembl\u00e9s par ces sp\u00e9cialistes, une mati\u00e8re riche qui ne demandait qu\u2019\u00e0 \u00eatre de nouveau racont\u00e9e.<\/p>\n\n\n\n<figure class=\"wp-block-image aligncenter size-large\"><a href=\"http:\/\/www.dedaleseditions.com\/site\/wp-content\/uploads\/2024\/02\/Creature.jpg\"><img loading=\"lazy\" decoding=\"async\" width=\"1024\" height=\"555\" src=\"http:\/\/www.dedaleseditions.com\/site\/wp-content\/uploads\/2024\/02\/Creature-1024x555.jpg\" alt=\"\" class=\"wp-image-2743\" srcset=\"https:\/\/www.dedaleseditions.com\/site\/wp-content\/uploads\/2024\/02\/Creature-1024x555.jpg 1024w, https:\/\/www.dedaleseditions.com\/site\/wp-content\/uploads\/2024\/02\/Creature-600x325.jpg 600w, https:\/\/www.dedaleseditions.com\/site\/wp-content\/uploads\/2024\/02\/Creature-300x163.jpg 300w, https:\/\/www.dedaleseditions.com\/site\/wp-content\/uploads\/2024\/02\/Creature-768x416.jpg 768w, https:\/\/www.dedaleseditions.com\/site\/wp-content\/uploads\/2024\/02\/Creature-1536x832.jpg 1536w, https:\/\/www.dedaleseditions.com\/site\/wp-content\/uploads\/2024\/02\/Creature.jpg 1920w\" sizes=\"auto, (max-width: 1024px) 100vw, 1024px\" \/><\/a><\/figure>\n\n\n\n<p>La tradition orale de nos r\u00e9gions est en effet abondante en cr\u00e9atures fantastiques et merveilleuses. Mais \u00e0 l\u2019exception de la B\u00eate du G\u00e9vaudan, peu de monstres ont \u00e9t\u00e9s mis en valeur dans la culture populaire Fran\u00e7aise.<br>Aussi, nous assumons un regard d\u2019auteurs pour mettre en forme, et v\u00e9ritablement th\u00e9matiser ces histoires \u00e0 partir de cette base orale. Les raconter \u00e0 nouveau afin de les rendre vivantes pour nos contemporains. Il s\u2019agit d\u2019informer le lecteur sur la l\u00e9gende mais aussi de lui proposer un regard singulier sur ces monstres oubli\u00e9s, de dialoguer avec le pass\u00e9 au travers des codes de la bande dessin\u00e9e moderne.<br>Loin de brosser le portrait nostalgique d\u2019un pays id\u00e9alis\u00e9, les r\u00e9cits \u00e9tablieront une cartographie de la soci\u00e9t\u00e9 Fran\u00e7aise et de ses travers.<br>La collection Malb\u00eate est, en effet, une anthologie d\u2019histoires autour des monstres de nos r\u00e9gions. Nous avons ainsi s\u00e9lectionn\u00e9 pr\u00e8s de 40 cr\u00e9atures, qui peuvent inspirer des intrigues singuli\u00e8res, et autorise de nombreuses exp\u00e9rimentations sur la forme BD.<\/p>\n\n\n\n<figure class=\"wp-block-image aligncenter size-large is-resized\"><a href=\"http:\/\/www.dedaleseditions.com\/site\/wp-content\/uploads\/2024\/02\/Malette2-col.jpg\"><img decoding=\"async\" src=\"http:\/\/www.dedaleseditions.com\/site\/wp-content\/uploads\/2024\/02\/Malette2-col-1024x576.jpg\" alt=\"\" class=\"wp-image-2742\" style=\"width:508px;height:auto\"\/><\/a><\/figure>\n\n\n\n<p>Le projet se pr\u00e9sente ainsi comme un livre-objet original, une bo\u00eete de pandore qui permet d\u2019appr\u00e9hender la cr\u00e9ature sous ses diff\u00e9rentes facettes.<br>Le lecteur y trouvera dedans : un triptyque en bande dessin\u00e9e racontant une histoire, une illustration d\u2019un paysage de la r\u00e9gion concern\u00e9e, un livret contenant des informations sur la l\u00e9gende et une carte de tarot.<\/p>\n<\/div>\n\n\n\n<div class=\"wp-block-buttons is-content-justification-center is-layout-flex wp-container-core-buttons-is-layout-a89b3969 wp-block-buttons-is-layout-flex\">\n<div class=\"wp-block-button\"><a class=\"wp-block-button__link has-background has-text-align-center wp-element-button\" href=\"https:\/\/www.dedaleseditions.com\/site\/boutique\/\" style=\"border-radius:30px;background-color:#fcb900\">la  boutique<\/a><\/div>\n<\/div>\n\n\n\n<div class=\"wp-block-group has-global-padding is-layout-constrained wp-block-group-is-layout-constrained\">\n<h3 class=\"wp-block-heading\">En savoir plus sur les cr\u00e9atures mythiques en europe.<\/h3>\n\n\n\n<figure class=\"wp-block-image size-large\"><a href=\"http:\/\/www.dedaleseditions.com\/site\/?attachment_id=2726\" target=\"_blank\" rel=\"noreferrer noopener\"><img decoding=\"async\" src=\"http:\/\/www.dedaleseditions.com\/site\/wp-content\/uploads\/2024\/02\/MapOfMythicalCreatureInEurope-1024x779.jpg\" alt=\"\u00a9 Centre for Cartography, Vilnius university, 2013\n\u00a9 Journal of Maps, 2013\" class=\"wp-image-2726\"\/><\/a><figcaption class=\"wp-element-caption\">\u00a9 <a href=\"https:\/\/www.vu.lt\/en\/studies\/master-studies\/cartography\" data-type=\"link\" data-id=\"https:\/\/www.vu.lt\/en\/studies\/master-studies\/cartography\">Centre for Cartography, Vilnius university<\/a>, 2013 \u00a9 Journal of Maps, 2013<\/figcaption><\/figure>\n\n\n\n<div class=\"wp-block-buttons is-content-justification-center is-layout-flex wp-container-core-buttons-is-layout-a89b3969 wp-block-buttons-is-layout-flex\">\n<div class=\"wp-block-button\"><a class=\"wp-block-button__link has-background has-text-align-center wp-element-button\" href=\"http:\/\/www.dedaleseditions.com\/site\/wp-content\/uploads\/2024\/02\/tjom_a_867544_sm4926.pdf\" style=\"border-radius:30px;background-color:#fcb900\" target=\"_blank\" rel=\"noreferrer noopener\">Consulter la carte<\/a><\/div>\n<\/div>\n<\/div>\n\n\n\n<div class=\"wp-block-group has-global-padding is-layout-constrained wp-block-group-is-layout-constrained\">\n<h3 class=\"wp-block-heading\">Petit curieux! Tu en veux encore ?<\/h3>\n\n\n\n<p>Les \u00ab\u00a0making off\u00a0\u00bb de la publicit\u00e9 des malb\u00eates.<br><em><mark style=\"background-color:rgba(0, 0, 0, 0);color:#fcb900\" class=\"has-inline-color\">par les fr\u00e8res Chantaux themself<\/mark><\/em><\/p>\n\n\n\n<div class=\"wp-block-group is-content-justification-center is-nowrap is-layout-flex wp-container-core-group-is-layout-efe6e1f8 wp-block-group-is-layout-flex\" style=\"min-height:300px;padding-top:0;padding-bottom:0\">\n<figure class=\"wp-block-video\"><video height=\"1280\" style=\"aspect-ratio: 720 \/ 1280;\" width=\"720\" controls src=\"http:\/\/www.dedaleseditions.com\/site\/wp-content\/uploads\/2024\/02\/Making_Off_Malbetes_1_La_realisation.mp4\"><\/video><\/figure>\n\n\n\n<figure class=\"wp-block-video\"><video height=\"1280\" style=\"aspect-ratio: 720 \/ 1280;\" width=\"720\" controls src=\"http:\/\/www.dedaleseditions.com\/site\/wp-content\/uploads\/2024\/02\/Making_Off_Malbetes_2_La_creation_de_la_boite.mp4\"><\/video><\/figure>\n\n\n\n<figure class=\"wp-block-video\"><video height=\"1280\" style=\"aspect-ratio: 720 \/ 1280;\" width=\"720\" controls src=\"http:\/\/www.dedaleseditions.com\/site\/wp-content\/uploads\/2024\/02\/Making_Off_Malbetes_3_La_creature.mp4\"><\/video><\/figure>\n<\/div>\n\n\n\n<div class=\"wp-block-buttons is-content-justification-center is-layout-flex wp-container-core-buttons-is-layout-a89b3969 wp-block-buttons-is-layout-flex\">\n<div class=\"wp-block-button\"><a class=\"wp-block-button__link has-white-color has-text-color has-background has-link-color has-text-align-center wp-element-button\" href=\"http:\/\/www.youtube.com\/@frereschantaux\" style=\"border-radius:30px;background-color:#fcb900\" target=\"_blank\" rel=\"noreferrer noopener\">Suivre leur cha\u00eene<\/a><\/div>\n<\/div>\n<\/div>\n","protected":false},"excerpt":{"rendered":"<p>Tout territoire a ses propres monstres. Le Japon a ses Yoka\u00efs, les \u00c9tats-Unis ont leur Bigfoot, l\u2019\u00c9cosse son monstre du Loch Ness, et tous ont eu leurs heures de gloire dans la culture populaire, que ce soit en litt\u00e9rature, au cin\u00e9ma ou en bande-dessin\u00e9e. Le temps passe et ils continuent d\u2019\u00eatre pr\u00e9sents dans l\u2019imaginaire collectif. [&hellip;]<\/p>\n","protected":false},"author":1,"featured_media":0,"parent":0,"menu_order":0,"comment_status":"closed","ping_status":"closed","template":"","meta":{"ngg_post_thumbnail":0,"footnotes":""},"class_list":["post-2705","page","type-page","status-publish","hentry"],"_links":{"self":[{"href":"https:\/\/www.dedaleseditions.com\/site\/wp-json\/wp\/v2\/pages\/2705","targetHints":{"allow":["GET"]}}],"collection":[{"href":"https:\/\/www.dedaleseditions.com\/site\/wp-json\/wp\/v2\/pages"}],"about":[{"href":"https:\/\/www.dedaleseditions.com\/site\/wp-json\/wp\/v2\/types\/page"}],"author":[{"embeddable":true,"href":"https:\/\/www.dedaleseditions.com\/site\/wp-json\/wp\/v2\/users\/1"}],"replies":[{"embeddable":true,"href":"https:\/\/www.dedaleseditions.com\/site\/wp-json\/wp\/v2\/comments?post=2705"}],"version-history":[{"count":32,"href":"https:\/\/www.dedaleseditions.com\/site\/wp-json\/wp\/v2\/pages\/2705\/revisions"}],"predecessor-version":[{"id":2951,"href":"https:\/\/www.dedaleseditions.com\/site\/wp-json\/wp\/v2\/pages\/2705\/revisions\/2951"}],"wp:attachment":[{"href":"https:\/\/www.dedaleseditions.com\/site\/wp-json\/wp\/v2\/media?parent=2705"}],"curies":[{"name":"wp","href":"https:\/\/api.w.org\/{rel}","templated":true}]}}